{"id":3846,"date":"2025-01-05T08:00:00","date_gmt":"2025-01-05T08:00:00","guid":{"rendered":"https:\/\/ilcentro.net\/course\/cursos-especializados\/italiano-para-el-diseno\/"},"modified":"2026-01-29T14:58:36","modified_gmt":"2026-01-29T14:58:36","slug":"italiano-para-el-diseno","status":"publish","type":"course","link":"https:\/\/ilcentro.net\/es\/course\/cursos-especializados\/italiano-para-el-diseno\/","title":{"rendered":"Italiano para el dise\u00f1o"},"content":{"rendered":"<p><!-- Section Title --><\/p>\n<h3 class=\"wp-block-heading\"><strong>&#x1f31f; Experiencias de dise\u00f1o en Mil\u00e1n con Il Centro<\/strong><\/h3>\n<p><!-- Program Overview --><\/p>\n<p class=\"has-text-align-justify\">\n  &#x1f4c5; <strong>Curso intensivo de italiano de una semana + Experiencia de dise\u00f1o en Mil\u00e1n<\/strong>\n<\/p>\n<p class=\"has-text-align-justify\">\n  Este programa \u00fanico combina un <strong>curso intensivo de italiano de una semana de duraci\u00f3n<\/strong> (4 clases al d\u00eda, a partir de las 9 de la ma\u00f1ana) con dos tardes dedicadas a explorar la renombrada escena del dise\u00f1o de Mil\u00e1n. Perfecto para quienes buscan sumergirse tanto en la lengua como en la cultura italianas.\n<\/p>\n<p><!-- Program Highlights --><\/p>\n<h3 class=\"wp-block-heading\">&#x1f3a8; <strong>Aspectos destacados del Programa de Dise\u00f1o<\/strong><\/h3>\n<ul class=\"wp-block-list\">\n<li>\n    <strong>Historia del \u00abMade in Italy\u00bb:<\/strong> Presentaci\u00f3n interactiva en clase sobre la historia del \u00abMade in Italy\u00bb. A trav\u00e9s de im\u00e1genes, v\u00eddeos y materiales digitales, descubrir\u00e1s c\u00f3mo Mil\u00e1n se convirti\u00f3 en un icono internacional de la moda. (1h 30min)\n  <\/li>\n<li>\n    <strong>Visita exclusiva de la ciudad<\/strong>: Visita talleres privados, salas de exposici\u00f3n y museos seleccionados para conocer el patrimonio de la moda de Mil\u00e1n, donde la tradici\u00f3n se une a la innovaci\u00f3n. (Aproximadamente 3h)\n  <\/li>\n<\/ul>\n<p><!-- Booking Information --><\/p>\n<p style=\"margin-bottom: 20px;\">&#x1f4c6;&nbsp;<strong>Para reservar el acceso a los distintos talleres, es necesario recibir las inscripciones al menos cuatro semanas antes del inicio del curso.<\/strong><\/p>\n","protected":false},"author":1,"featured_media":2225,"parent":3726,"menu_order":10,"template":"","class_list":["post-3846","course","type-course","status-publish","has-post-thumbnail","hentry"],"acf":[],"yoast_head":"<!-- This site is optimized with the Yoast SEO Premium plugin v27.4 (Yoast SEO v27.4) - https:\/\/yoast.com\/product\/yoast-seo-premium-wordpress\/ -->\n<title>Italiano para el dise\u00f1o - Estudia italiano en Italia | Escuela de idiomas y cursos en Mil\u00e1n \u2013 Il Centro<\/title>\n<meta name=\"description\" content=\"Italiano para el Dise\u00f1o. Con el seminario &quot;Design On-the-Go&quot;, conocer\u00e1s de cerca un sector que sigue influyendo en las tendencias mundiales.\" \/>\n<meta name=\"robots\" content=\"index, follow, max-snippet:-1, max-image-preview:large, max-video-preview:-1\" \/>\n<link rel=\"canonical\" href=\"https:\/\/ilcentro.net\/es\/course\/cursos-especializados\/italiano-para-el-diseno\/\" \/>\n<meta property=\"og:locale\" content=\"es_ES\" \/>\n<meta property=\"og:type\" content=\"article\" \/>\n<meta property=\"og:title\" content=\"Italiano para el dise\u00f1o\" \/>\n<meta property=\"og:description\" content=\"Italiano para el Dise\u00f1o. Con el seminario &quot;Design On-the-Go&quot;, conocer\u00e1s de cerca un sector que sigue influyendo en las tendencias mundiales.\" \/>\n<meta property=\"og:url\" content=\"https:\/\/ilcentro.net\/es\/course\/cursos-especializados\/italiano-para-el-diseno\/\" \/>\n<meta property=\"og:site_name\" content=\"Estudia italiano en Italia | Escuela de idiomas y cursos en Mil\u00e1n \u2013 Il Centro\" \/>\n<meta property=\"article:modified_time\" content=\"2026-01-29T14:58:36+00:00\" \/>\n<meta property=\"og:image\" content=\"https:\/\/mli3dflm07d6.i.optimole.com\/cb:1X0z.189\/w:auto\/h:auto\/q:mauto\/f:best\/https:\/\/ilcentro.net\/wp-content\/uploads\/2024\/10\/design-experience-in-Milan-.png\" \/>\n\t<meta property=\"og:image:width\" content=\"1024\" \/>\n\t<meta property=\"og:image:height\" content=\"1024\" \/>\n\t<meta property=\"og:image:type\" content=\"image\/png\" \/>\n<meta name=\"twitter:card\" content=\"summary_large_image\" \/>\n<meta name=\"twitter:label1\" content=\"Tiempo de lectura\" \/>\n\t<meta name=\"twitter:data1\" content=\"1 minuto\" \/>\n<script type=\"application\/ld+json\" class=\"yoast-schema-graph\">{\"@context\":\"https:\\\/\\\/schema.org\",\"@graph\":[{\"@type\":\"WebPage\",\"@id\":\"https:\\\/\\\/ilcentro.net\\\/es\\\/course\\\/cursos-especializados\\\/italiano-para-el-diseno\\\/\",\"url\":\"https:\\\/\\\/ilcentro.net\\\/es\\\/course\\\/cursos-especializados\\\/italiano-para-el-diseno\\\/\",\"name\":\"Italiano para el dise\u00f1o - Estudia italiano en Italia | Escuela de idiomas y cursos en Mil\u00e1n \u2013 Il Centro\",\"isPartOf\":{\"@id\":\"https:\\\/\\\/ilcentro.net\\\/es\\\/#website\"},\"primaryImageOfPage\":{\"@id\":\"https:\\\/\\\/ilcentro.net\\\/es\\\/course\\\/cursos-especializados\\\/italiano-para-el-diseno\\\/#primaryimage\"},\"image\":{\"@id\":\"https:\\\/\\\/ilcentro.net\\\/es\\\/course\\\/cursos-especializados\\\/italiano-para-el-diseno\\\/#primaryimage\"},\"thumbnailUrl\":\"https:\\/\\/ilcentro.net\\/wp-content\\/uploads\\/2024\\/10\\/design-experience-in-Milan-.png\",\"datePublished\":\"2025-01-05T08:00:00+00:00\",\"dateModified\":\"2026-01-29T14:58:36+00:00\",\"description\":\"Italiano para el Dise\u00f1o. Con el seminario \\\"Design On-the-Go\\\", conocer\u00e1s de cerca un sector que sigue influyendo en las tendencias mundiales.\",\"breadcrumb\":{\"@id\":\"https:\\\/\\\/ilcentro.net\\\/es\\\/course\\\/cursos-especializados\\\/italiano-para-el-diseno\\\/#breadcrumb\"},\"inLanguage\":\"es\",\"potentialAction\":[{\"@type\":\"ReadAction\",\"target\":[\"https:\\\/\\\/ilcentro.net\\\/es\\\/course\\\/cursos-especializados\\\/italiano-para-el-diseno\\\/\"]}]},{\"@type\":\"ImageObject\",\"inLanguage\":\"es\",\"@id\":\"https:\\\/\\\/ilcentro.net\\\/es\\\/course\\\/cursos-especializados\\\/italiano-para-el-diseno\\\/#primaryimage\",\"url\":\"https:\\/\\/ilcentro.net\\/wp-content\\/uploads\\/2024\\/10\\/design-experience-in-Milan-.png\",\"contentUrl\":\"https:\\/\\/ilcentro.net\\/wp-content\\/uploads\\/2024\\/10\\/design-experience-in-Milan-.png\",\"width\":1024,\"height\":1024,\"caption\":\"Italiano para el Dise\u00f1o\"},{\"@type\":\"BreadcrumbList\",\"@id\":\"https:\\\/\\\/ilcentro.net\\\/es\\\/course\\\/cursos-especializados\\\/italiano-para-el-diseno\\\/#breadcrumb\",\"itemListElement\":[{\"@type\":\"ListItem\",\"position\":1,\"name\":\"Home\",\"item\":\"https:\\\/\\\/ilcentro.net\\\/es\\\/\"},{\"@type\":\"ListItem\",\"position\":2,\"name\":\"Courses\",\"item\":\"https:\\\/\\\/ilcentro.net\\\/es\\\/course\\\/\"},{\"@type\":\"ListItem\",\"position\":3,\"name\":\"Cursos especiales\",\"item\":\"https:\\\/\\\/ilcentro.net\\\/es\\\/course\\\/cursos-especializados\\\/\"},{\"@type\":\"ListItem\",\"position\":4,\"name\":\"Italiano para el dise\u00f1o\"}]},{\"@type\":\"WebSite\",\"@id\":\"https:\\\/\\\/ilcentro.net\\\/es\\\/#website\",\"url\":\"https:\\\/\\\/ilcentro.net\\\/es\\\/\",\"name\":\"Il Centro\",\"description\":\"Cursos de italiano y escuela para extranjeros\",\"publisher\":{\"@id\":\"https:\\\/\\\/ilcentro.net\\\/es\\\/#organization\"},\"potentialAction\":[{\"@type\":\"SearchAction\",\"target\":{\"@type\":\"EntryPoint\",\"urlTemplate\":\"https:\\\/\\\/ilcentro.net\\\/es\\\/?s={search_term_string}\"},\"query-input\":{\"@type\":\"PropertyValueSpecification\",\"valueRequired\":true,\"valueName\":\"search_term_string\"}}],\"inLanguage\":\"es\"},{\"@type\":\"Organization\",\"@id\":\"https:\\\/\\\/ilcentro.net\\\/es\\\/#organization\",\"name\":\"Il Centro\",\"url\":\"https:\\\/\\\/ilcentro.net\\\/es\\\/\",\"logo\":{\"@type\":\"ImageObject\",\"inLanguage\":\"es\",\"@id\":\"https:\\\/\\\/ilcentro.net\\\/es\\\/#\\\/schema\\\/logo\\\/image\\\/\",\"url\":\"https:\\/\\/ilcentro.net\\/wp-content\\/uploads\\/2024\\/09\\/ilcentro_logo-1.jpg\",\"contentUrl\":\"https:\\/\\/ilcentro.net\\/wp-content\\/uploads\\/2024\\/09\\/ilcentro_logo-1.jpg\",\"width\":304,\"height\":118,\"caption\":\"Il Centro\"},\"image\":{\"@id\":\"https:\\\/\\\/ilcentro.net\\\/es\\\/#\\\/schema\\\/logo\\\/image\\\/\"}}]}<\/script>\n<!-- \/ Yoast SEO Premium plugin. -->","yoast_head_json":{"title":"Italiano para el dise\u00f1o - Estudia italiano en Italia | Escuela de idiomas y cursos en Mil\u00e1n \u2013 Il Centro","description":"Italiano para el Dise\u00f1o. Con el seminario \"Design On-the-Go\", conocer\u00e1s de cerca un sector que sigue influyendo en las tendencias mundiales.","robots":{"index":"index","follow":"follow","max-snippet":"max-snippet:-1","max-image-preview":"max-image-preview:large","max-video-preview":"max-video-preview:-1"},"canonical":"https:\/\/ilcentro.net\/es\/course\/cursos-especializados\/italiano-para-el-diseno\/","og_locale":"es_ES","og_type":"article","og_title":"Italiano para el dise\u00f1o","og_description":"Italiano para el Dise\u00f1o. Con el seminario \"Design On-the-Go\", conocer\u00e1s de cerca un sector que sigue influyendo en las tendencias mundiales.","og_url":"https:\/\/ilcentro.net\/es\/course\/cursos-especializados\/italiano-para-el-diseno\/","og_site_name":"Estudia italiano en Italia | Escuela de idiomas y cursos en Mil\u00e1n \u2013 Il Centro","article_modified_time":"2026-01-29T14:58:36+00:00","og_image":[{"width":1024,"height":1024,"url":"https:\/\/mli3dflm07d6.i.optimole.com\/cb:1X0z.189\/w:auto\/h:auto\/q:mauto\/f:best\/https:\/\/ilcentro.net\/wp-content\/uploads\/2024\/10\/design-experience-in-Milan-.png","type":"image\/png"}],"twitter_card":"summary_large_image","twitter_misc":{"Tiempo de lectura":"1 minuto"},"schema":{"@context":"https:\/\/schema.org","@graph":[{"@type":"WebPage","@id":"https:\/\/ilcentro.net\/es\/course\/cursos-especializados\/italiano-para-el-diseno\/","url":"https:\/\/ilcentro.net\/es\/course\/cursos-especializados\/italiano-para-el-diseno\/","name":"Italiano para el dise\u00f1o - Estudia italiano en Italia | Escuela de idiomas y cursos en Mil\u00e1n \u2013 Il Centro","isPartOf":{"@id":"https:\/\/ilcentro.net\/es\/#website"},"primaryImageOfPage":{"@id":"https:\/\/ilcentro.net\/es\/course\/cursos-especializados\/italiano-para-el-diseno\/#primaryimage"},"image":{"@id":"https:\/\/ilcentro.net\/es\/course\/cursos-especializados\/italiano-para-el-diseno\/#primaryimage"},"thumbnailUrl":"https:\/\/mli3dflm07d6.i.optimole.com\/cb:1X0z.189\/w:auto\/h:auto\/q:mauto\/f:best\/https:\/\/ilcentro.net\/wp-content\/uploads\/2024\/10\/design-experience-in-Milan-.png","datePublished":"2025-01-05T08:00:00+00:00","dateModified":"2026-01-29T14:58:36+00:00","description":"Italiano para el Dise\u00f1o. Con el seminario \"Design On-the-Go\", conocer\u00e1s de cerca un sector que sigue influyendo en las tendencias mundiales.","breadcrumb":{"@id":"https:\/\/ilcentro.net\/es\/course\/cursos-especializados\/italiano-para-el-diseno\/#breadcrumb"},"inLanguage":"es","potentialAction":[{"@type":"ReadAction","target":["https:\/\/ilcentro.net\/es\/course\/cursos-especializados\/italiano-para-el-diseno\/"]}]},{"@type":"ImageObject","inLanguage":"es","@id":"https:\/\/ilcentro.net\/es\/course\/cursos-especializados\/italiano-para-el-diseno\/#primaryimage","url":"https:\/\/mli3dflm07d6.i.optimole.com\/cb:1X0z.189\/w:auto\/h:auto\/q:mauto\/f:best\/https:\/\/ilcentro.net\/wp-content\/uploads\/2024\/10\/design-experience-in-Milan-.png","contentUrl":"https:\/\/mli3dflm07d6.i.optimole.com\/cb:1X0z.189\/w:auto\/h:auto\/q:mauto\/f:best\/https:\/\/ilcentro.net\/wp-content\/uploads\/2024\/10\/design-experience-in-Milan-.png","width":1024,"height":1024,"caption":"Italiano para el Dise\u00f1o"},{"@type":"BreadcrumbList","@id":"https:\/\/ilcentro.net\/es\/course\/cursos-especializados\/italiano-para-el-diseno\/#breadcrumb","itemListElement":[{"@type":"ListItem","position":1,"name":"Home","item":"https:\/\/ilcentro.net\/es\/"},{"@type":"ListItem","position":2,"name":"Courses","item":"https:\/\/ilcentro.net\/es\/course\/"},{"@type":"ListItem","position":3,"name":"Cursos especiales","item":"https:\/\/ilcentro.net\/es\/course\/cursos-especializados\/"},{"@type":"ListItem","position":4,"name":"Italiano para el dise\u00f1o"}]},{"@type":"WebSite","@id":"https:\/\/ilcentro.net\/es\/#website","url":"https:\/\/ilcentro.net\/es\/","name":"Il Centro","description":"Cursos de italiano y escuela para extranjeros","publisher":{"@id":"https:\/\/ilcentro.net\/es\/#organization"},"potentialAction":[{"@type":"SearchAction","target":{"@type":"EntryPoint","urlTemplate":"https:\/\/ilcentro.net\/es\/?s={search_term_string}"},"query-input":{"@type":"PropertyValueSpecification","valueRequired":true,"valueName":"search_term_string"}}],"inLanguage":"es"},{"@type":"Organization","@id":"https:\/\/ilcentro.net\/es\/#organization","name":"Il Centro","url":"https:\/\/ilcentro.net\/es\/","logo":{"@type":"ImageObject","inLanguage":"es","@id":"https:\/\/ilcentro.net\/es\/#\/schema\/logo\/image\/","url":"https:\/\/mli3dflm07d6.i.optimole.com\/cb:1X0z.189\/w:auto\/h:auto\/q:mauto\/f:best\/https:\/\/ilcentro.net\/wp-content\/uploads\/2024\/09\/ilcentro_logo-1.jpg","contentUrl":"https:\/\/mli3dflm07d6.i.optimole.com\/cb:1X0z.189\/w:auto\/h:auto\/q:mauto\/f:best\/https:\/\/ilcentro.net\/wp-content\/uploads\/2024\/09\/ilcentro_logo-1.jpg","width":304,"height":118,"caption":"Il Centro"},"image":{"@id":"https:\/\/ilcentro.net\/es\/#\/schema\/logo\/image\/"}}]}},"_links":{"self":[{"href":"https:\/\/ilcentro.net\/es\/wp-json\/wp\/v2\/course\/3846","targetHints":{"allow":["GET"]}}],"collection":[{"href":"https:\/\/ilcentro.net\/es\/wp-json\/wp\/v2\/course"}],"about":[{"href":"https:\/\/ilcentro.net\/es\/wp-json\/wp\/v2\/types\/course"}],"author":[{"embeddable":true,"href":"https:\/\/ilcentro.net\/es\/wp-json\/wp\/v2\/users\/1"}],"version-history":[{"count":3,"href":"https:\/\/ilcentro.net\/es\/wp-json\/wp\/v2\/course\/3846\/revisions"}],"predecessor-version":[{"id":31563,"href":"https:\/\/ilcentro.net\/es\/wp-json\/wp\/v2\/course\/3846\/revisions\/31563"}],"up":[{"embeddable":true,"href":"https:\/\/ilcentro.net\/es\/wp-json\/wp\/v2\/course\/3726"}],"wp:featuredmedia":[{"embeddable":true,"href":"https:\/\/ilcentro.net\/es\/wp-json\/wp\/v2\/media\/2225"}],"wp:attachment":[{"href":"https:\/\/ilcentro.net\/es\/wp-json\/wp\/v2\/media?parent=3846"}],"curies":[{"name":"wp","href":"https:\/\/api.w.org\/{rel}","templated":true}]}}